{"id":256412,"date":"2026-09-04T14:55:03","date_gmt":"2026-09-04T14:55:03","guid":{"rendered":"https:\/\/transitobarrancabermeja.gov.co\/ittb\/?post_type=tribe_events&#038;p=256412"},"modified":"2026-09-04T14:55:03","modified_gmt":"2026-09-04T14:55:03","slug":"convocatoria-a-mesa-de-trabajo-mercado-pesquero","status":"publish","type":"tribe_events","link":"https:\/\/transitobarrancabermeja.gov.co\/ittb\/calendariodeactividad\/convocatoria-a-mesa-de-trabajo-mercado-pesquero\/","title":{"rendered":"Convocatoria a mesa de trabajo \u2013 Mercado Pesquero"},"content":{"rendered":"<div>Barrancabermeja, abril 2026.<\/div>\n<div><\/div>\n<div><\/div>\n<div><b>\u00a0<\/b><\/div>\n<div><b>Se\u00f1or:<\/b><\/div>\n<div><b>ANDRES JAVIER MANOSALVA CAMARGO<\/b><\/div>\n<div>Secretario Distrital de Salud<\/div>\n<div>Correo: andres.manosalva@barrancabermeja.gov.co<\/div>\n<div>salud.mental@barrancabermeja.gov.co<\/div>\n<div><\/div>\n<div><b>Se\u00f1ora:<\/b><\/div>\n<div><b>JOHANNA PAOLA SANTOS REY<\/b><\/div>\n<div>Secretaria Distrital de Infraestructura<\/div>\n<div>Correo electr\u00f3nico: johanna.santos@barrancabermeja.gov.co<\/div>\n<div><\/div>\n<div><b>Se\u00f1or:<\/b><\/div>\n<div><b>LUIS EDUARDO CRUZ GONZALEZ<\/b><\/div>\n<div>Director De Servicios administrativos<b>\u00a0<\/b>luise.cruz@barrancabermeja.gov.co<\/div>\n<div><b>\u00a0<\/b><\/div>\n<div><b>Se\u00f1ores:<\/b><\/div>\n<div><b>COMANDANTE ESTACI\u00d3N DISTRITO ESPECIAL DE BARRANCABERMEJA<\/b><\/div>\n<div>Correo: demam.cnpc@policia.gov.co<\/div>\n<div>demam.gubim@policia.gov.co<\/div>\n<div>demam.radicar@policia.gov.co<\/div>\n<div><\/div>\n<div><b>Se\u00f1ora:<\/b><\/div>\n<div>Inspector Primero De Espacio P\u00fablico y Control Urbano (Encargado)<\/div>\n<div>Correo: inspeccionprimeraep@barrancabermeja.gov.co<\/div>\n<div><\/div>\n<div><b>Se\u00f1or:<\/b><\/div>\n<div><b>LUKAS ORACIO MARRUGO DIAZ<\/b><\/div>\n<div>Secretaria Distrital de Desarrollo Econ\u00f3mico, Agropecuario y Tur\u00edstico<\/div>\n<div>Lukas.marrugo@barrancabermeja.gov.co<\/div>\n<div><b>Se\u00f1or:<\/b><\/div>\n<div><b>RAFAEL LEONARDO GRANADOS C\u00c1RDENAS<\/b><\/div>\n<div>Secretario Distrital de Ambiente y Transici\u00f3n Energ\u00e9tica<\/div>\n<div>Correo: leonardo.granados@barrancabermeja.gov.co<\/div>\n<div><b>\u00a0<\/b><\/div>\n<div><b>Se\u00f1ores:<\/b><\/div>\n<div><b>VEOLIA<\/b><\/div>\n<div>Correo: co-servicioalcliente.aseovsc@veolia.com<\/div>\n<div>Sergio-Luis.lesmes@veolia.com<\/div>\n<div><\/div>\n<div><b>Se\u00f1ora:<\/b><\/div>\n<div><b>SANDRA MARCELA CORTINEZ PARADA<\/b><\/div>\n<div>Gerente De Prensa Comunicaciones y Protocolo<\/div>\n<div>Sandra.Cortinez@barrancabermeja.gov.co<\/div>\n<div><b>Se\u00f1or:<\/b><\/div>\n<div><b>CESAR AUGUSTO GUZMAN AREIZA<\/b><\/div>\n<div>Director de transito y transporte<\/div>\n<div>cguzman@transitobarrancabermeja.gov.co<\/div>\n<div><b>Se\u00f1ora:<\/b><\/div>\n<div><b>KELLY GARC\u00cdA G\u00d3MEZ<\/b><\/div>\n<div>Personera Distrital<\/div>\n<div>Correo: info@personeriabarrancabermeja.gov.co<\/div>\n<div><\/div>\n<div>Se\u00f1ora<\/div>\n<div><b>INGRID JULIETH ARMESTO SALGADO<\/b><\/div>\n<div>Secretaria Privada<\/div>\n<div>Correo: ingrid.armesto@barrancabermeja.gov.co<\/div>\n<div><\/div>\n<div><\/div>\n<div>\n<div>\ue113<\/div>\n<div>\n<table border=\"1\" cellspacing=\"0\" cellpadding=\"0\">\n<tbody>\n<tr>\n<td>\n<div><b>ASUNTO:<\/b>\u00a0Convocatoria a mesa de trabajo \u2013 Mercado Pesquero<\/div>\n<\/td>\n<\/tr>\n<\/tbody>\n<\/table>\n<\/div>\n<\/div>\n<div><\/div>\n<div>Cordial saludo,<\/div>\n<div>Por medio del presente, nos permitimos convocar de manera <b>urgente<\/b>\u00a0a las las entidades en menci\u00f3n con el prop\u00f3sito de llevar a cabo una <b>mesa de trabajo interinstitucional<\/b>\u00a0para abordar la situaci\u00f3n actual del <b>Mercado Pesquero<\/b>.<\/div>\n<div><\/div>\n<div>La convocatoria tiene como finalidad analizar de manera integral las condiciones sanitarias, de infraestructura, orden p\u00fablico, movilidad, organizaci\u00f3n del espacio y dem\u00e1s aspectos relevantes que impactan el adecuado funcionamiento de este importante sector, as\u00ed como definir acciones concretas, articuladas y de pronta ejecuci\u00f3n.<\/div>\n<div>Dada la importancia y urgencia del tema, se solicita contar con la participaci\u00f3n de los secretarios y directores de cada entidad. En caso de no ser posible su asistencia, se deber\u00e1 designar un delegado que cuente con facultades de decisi\u00f3n, para garantizar el desarrollo efectivo de la mesa de trabajo y la adopci\u00f3n de compromisos institucionales.<\/div>\n<div><b>Fecha: Martes14 de abril del 2026<\/b><br \/>\n<b>Hora:<\/b>\u00a0<b>4:30 pm<\/b><br \/>\n<b>Lugar:<\/b>\u00a0<b>Direcci\u00f3n de espacio p\u00fablico y control urbano<\/b><\/div>\n<div>Agradecemos su asistencia y disposici\u00f3n para participar activamente en esta jornada de trabajo, la cual resulta fundamental para garantizar condiciones \u00f3ptimas en el Mercado Pesquero y el bienestar de la comunidad en general.<\/div>\n<div><b>Atentamente,<\/b><\/div>\n","protected":false},"excerpt":{"rendered":"<p>Barrancabermeja, abril 2026. \u00a0 Se\u00f1or: ANDRES JAVIER MANOSALVA CAMARGO Secretario Distrital de Salud Correo: andres.manosalva@barrancabermeja.gov.co salud.mental@barrancabermeja.gov.co Se\u00f1ora: JOHANNA PAOLA SANTOS REY Secretaria Distrital de Infraestructura Correo electr\u00f3nico: johanna.santos@barrancabermeja.gov.co Se\u00f1or: LUIS [&hellip;]<\/p>\n","protected":false},"author":1,"featured_media":0,"template":"","meta":{"_et_pb_use_builder":"","_et_pb_old_content":"","_et_gb_content_width":"","_tribe_events_status":"","_tribe_events_status_reason":"","footnotes":""},"tags":[],"tribe_events_cat":[50],"class_list":["post-256412","tribe_events","type-tribe_events","status-publish","hentry","tribe_events_cat-calendario-de-actividades","cat_calendario-de-actividades"],"jetpack_sharing_enabled":true,"_links":{"self":[{"href":"https:\/\/transitobarrancabermeja.gov.co\/ittb\/wp-json\/wp\/v2\/tribe_events\/256412","targetHints":{"allow":["GET"]}}],"collection":[{"href":"https:\/\/transitobarrancabermeja.gov.co\/ittb\/wp-json\/wp\/v2\/tribe_events"}],"about":[{"href":"https:\/\/transitobarrancabermeja.gov.co\/ittb\/wp-json\/wp\/v2\/types\/tribe_events"}],"author":[{"embeddable":true,"href":"https:\/\/transitobarrancabermeja.gov.co\/ittb\/wp-json\/wp\/v2\/users\/1"}],"version-history":[{"count":1,"href":"https:\/\/transitobarrancabermeja.gov.co\/ittb\/wp-json\/wp\/v2\/tribe_events\/256412\/revisions"}],"predecessor-version":[{"id":256413,"href":"https:\/\/transitobarrancabermeja.gov.co\/ittb\/wp-json\/wp\/v2\/tribe_events\/256412\/revisions\/256413"}],"wp:attachment":[{"href":"https:\/\/transitobarrancabermeja.gov.co\/ittb\/wp-json\/wp\/v2\/media?parent=256412"}],"wp:term":[{"taxonomy":"post_tag","embeddable":true,"href":"https:\/\/transitobarrancabermeja.gov.co\/ittb\/wp-json\/wp\/v2\/tags?post=256412"},{"taxonomy":"tribe_events_cat","embeddable":true,"href":"https:\/\/transitobarrancabermeja.gov.co\/ittb\/wp-json\/wp\/v2\/tribe_events_cat?post=256412"}],"curies":[{"name":"wp","href":"https:\/\/api.w.org\/{rel}","templated":true}]}}